{"id":1531,"date":"2023-06-19T11:11:49","date_gmt":"2023-06-19T09:11:49","guid":{"rendered":"https:\/\/chiomedoro.com\/?page_id=1531"},"modified":"2023-10-24T18:39:05","modified_gmt":"2023-10-24T16:39:05","slug":"1531-2","status":"publish","type":"page","link":"https:\/\/chiomedoro.com\/index.php\/1531-2\/","title":{"rendered":"Les divins caprices, la suite"},"content":{"rendered":"\n<p>Nous sommes ravis de vous pr\u00e9senter en exclusivit\u00e9 le tout premier trailer de notre dernier spectacle \u00e9poustouflant, \u00ab\u00a0Les Divins Caprices\u00a0\u00bb !&nbsp;<\/p>\n\n\n\n<p>Ce spectacle incroyable a \u00e9t\u00e9 le fruit de 3 repr\u00e9sentations \u00e0 guichets ferm\u00e9s, 2 r\u00e9sidences de cr\u00e9ation intenses et la participation de 15 artistes talentueux. Tout cela dans un lieu unique et magique tel que le b\u00e2timent Arcoop \u00e0 Carouge (Suisse)<\/p>\n\n\n\n<p>Ne manquez pas cette exp\u00e9rience extraordinaire et retrouvez-nous sur Youtube \u00e0 l&rsquo;adresse suivante : <a href=\"https:\/\/www.youtube.com\/watch?v=rUs8PT2IQew\">https:\/\/www.youtube.com\/watch?v=rUs8PT2IQew<\/a><\/p>\n\n\n\n<figure class=\"wp-block-video\"><video controls src=\"https:\/\/chiomedoro.com\/LDC1.mp4\"><\/video><\/figure>\n\n\n\n<figure class=\"wp-block-image size-full is-resized\"><img data-recalc-dims=\"1\" loading=\"lazy\" decoding=\"async\" width=\"720\" height=\"1010\" data-attachment-id=\"1533\" data-permalink=\"https:\/\/chiomedoro.com\/index.php\/1531-2\/img-20230606-wa0020\/\" data-orig-file=\"https:\/\/i0.wp.com\/chiomedoro.com\/wp-content\/uploads\/2023\/06\/IMG-20230606-WA0020.jpg?fit=730%2C1024&amp;ssl=1\" data-orig-size=\"730,1024\" data-comments-opened=\"0\" data-image-meta=\"{&quot;aperture&quot;:&quot;0&quot;,&quot;credit&quot;:&quot;&quot;,&quot;camera&quot;:&quot;&quot;,&quot;caption&quot;:&quot;&quot;,&quot;created_timestamp&quot;:&quot;0&quot;,&quot;copyright&quot;:&quot;&quot;,&quot;focal_length&quot;:&quot;0&quot;,&quot;iso&quot;:&quot;0&quot;,&quot;shutter_speed&quot;:&quot;0&quot;,&quot;title&quot;:&quot;&quot;,&quot;orientation&quot;:&quot;0&quot;}\" data-image-title=\"IMG-20230606-WA0020\" data-image-description=\"\" data-image-caption=\"\" data-large-file=\"https:\/\/i0.wp.com\/chiomedoro.com\/wp-content\/uploads\/2023\/06\/IMG-20230606-WA0020.jpg?fit=720%2C1010&amp;ssl=1\" src=\"https:\/\/i0.wp.com\/chiomedoro.com\/wp-content\/uploads\/2023\/06\/IMG-20230606-WA0020.jpg?resize=720%2C1010&#038;ssl=1\" alt=\"\" class=\"wp-image-1533\" style=\"aspect-ratio:0.712890625;width:389px;height:auto\" srcset=\"https:\/\/i0.wp.com\/chiomedoro.com\/wp-content\/uploads\/2023\/06\/IMG-20230606-WA0020.jpg?w=730&amp;ssl=1 730w, https:\/\/i0.wp.com\/chiomedoro.com\/wp-content\/uploads\/2023\/06\/IMG-20230606-WA0020.jpg?resize=214%2C300&amp;ssl=1 214w\" sizes=\"auto, (max-width: 720px) 100vw, 720px\" \/><\/figure>\n\n\n\n<p><\/p>\n\n\n\n<div class=\"wp-block-group is-vertical is-layout-flex wp-container-core-group-is-layout-8cf370e7 wp-block-group-is-layout-flex\">\n<div class=\"wp-block-group\"><div class=\"wp-block-group__inner-container is-layout-constrained wp-block-group-is-layout-constrained\">\n<p><\/p>\n\n\n\n<p><\/p>\n\n\n\n<p><\/p>\n\n\n\n<p class=\"has-text-align-center\"><strong>Archives : <\/strong><\/p>\n\n\n\n<p class=\"has-text-align-center\">La musique baroque autrement&#8230;<\/p>\n\n\n\n<p class=\"has-text-align-justify\">L\u2019Ensemble genevois CHIOME D\u2019ORO vous propose de venir d\u00e9couvrir \u00e0 Arcoop,<strong> les 11, 12 et 13 ao\u00fbt 2023 \u00e0 21h<\/strong>, sa nouvelle cr\u00e9ation m\u00e9langeant musique baroque et danse a\u00e9rienne : <strong>\u00ab&nbsp;LES DIVINS CAPRICES<\/strong> \u00bb.<\/p>\n\n\n\n<p class=\"has-text-align-justify\">En collaboration avec la Compagnie de danse a\u00e9rienne A FLEUR D\u2019AIRS, ils ont d\u00e9cortiqu\u00e9 et m\u00e9lang\u00e9 les \u0153uvres sc\u00e9niques et madrigalesques du grand compositeur italien Claudio Monteverdi pour recr\u00e9er une narration coh\u00e9rente et surprenante autour d\u2019un th\u00e8me tr\u00e8s pr\u00e9sent dans la musique baroque : la destin\u00e9e humaine \u00e0 la merci des divinit\u00e9s. Avec un point de vue plus actuel, ce spectacle traite ainsi de la responsabilit\u00e9 de nos actes.&nbsp;<\/p>\n\n\n\n<figure class=\"wp-block-image size-large\"><img data-recalc-dims=\"1\" loading=\"lazy\" decoding=\"async\" width=\"720\" height=\"472\" data-attachment-id=\"1563\" data-permalink=\"https:\/\/chiomedoro.com\/index.php\/1531-2\/capture-decran-2023-06-19-a-11-41-47\/\" data-orig-file=\"https:\/\/i0.wp.com\/chiomedoro.com\/wp-content\/uploads\/2023\/06\/Capture-decran-2023-06-19-a-11.41.47.png?fit=2364%2C1548&amp;ssl=1\" data-orig-size=\"2364,1548\" data-comments-opened=\"0\" data-image-meta=\"{&quot;aperture&quot;:&quot;0&quot;,&quot;credit&quot;:&quot;&quot;,&quot;camera&quot;:&quot;&quot;,&quot;caption&quot;:&quot;&quot;,&quot;created_timestamp&quot;:&quot;0&quot;,&quot;copyright&quot;:&quot;&quot;,&quot;focal_length&quot;:&quot;0&quot;,&quot;iso&quot;:&quot;0&quot;,&quot;shutter_speed&quot;:&quot;0&quot;,&quot;title&quot;:&quot;&quot;,&quot;orientation&quot;:&quot;0&quot;}\" data-image-title=\"Capture-decran-2023-06-19-a-11.41.47\" data-image-description=\"\" data-image-caption=\"\" data-large-file=\"https:\/\/i0.wp.com\/chiomedoro.com\/wp-content\/uploads\/2023\/06\/Capture-decran-2023-06-19-a-11.41.47.png?fit=720%2C472&amp;ssl=1\" src=\"https:\/\/i0.wp.com\/chiomedoro.com\/wp-content\/uploads\/2023\/06\/Capture-decran-2023-06-19-a-11.41.47.png?resize=720%2C472&#038;ssl=1\" alt=\"\" class=\"wp-image-1563\" srcset=\"https:\/\/i0.wp.com\/chiomedoro.com\/wp-content\/uploads\/2023\/06\/Capture-decran-2023-06-19-a-11.41.47.png?resize=1024%2C671&amp;ssl=1 1024w, https:\/\/i0.wp.com\/chiomedoro.com\/wp-content\/uploads\/2023\/06\/Capture-decran-2023-06-19-a-11.41.47.png?resize=300%2C196&amp;ssl=1 300w, https:\/\/i0.wp.com\/chiomedoro.com\/wp-content\/uploads\/2023\/06\/Capture-decran-2023-06-19-a-11.41.47.png?resize=768%2C503&amp;ssl=1 768w, https:\/\/i0.wp.com\/chiomedoro.com\/wp-content\/uploads\/2023\/06\/Capture-decran-2023-06-19-a-11.41.47.png?resize=1536%2C1006&amp;ssl=1 1536w, https:\/\/i0.wp.com\/chiomedoro.com\/wp-content\/uploads\/2023\/06\/Capture-decran-2023-06-19-a-11.41.47.png?resize=2048%2C1341&amp;ssl=1 2048w, https:\/\/i0.wp.com\/chiomedoro.com\/wp-content\/uploads\/2023\/06\/Capture-decran-2023-06-19-a-11.41.47.png?w=1440&amp;ssl=1 1440w, https:\/\/i0.wp.com\/chiomedoro.com\/wp-content\/uploads\/2023\/06\/Capture-decran-2023-06-19-a-11.41.47.png?w=2160&amp;ssl=1 2160w\" sizes=\"auto, (max-width: 720px) 100vw, 720px\" \/><\/figure>\n\n\n\n<p class=\"has-text-align-justify\">Cette histoire sera interpr\u00e9t\u00e9e par deux danseuses a\u00e9riennes, suspendues au-dessus des cinq instrumentistes, ainsi que par cinq chanteuses et chanteurs en mouvement au sol et dans les \u00e9tages du b\u00e2timent Arcoop (32, rue des Noirettes, 1227 Carouge), \u00e9crin id\u00e9al pour ce projet \u00e9tonnant entre ciel et terre.&nbsp;<\/p>\n\n\n\n<p class=\"has-text-align-justify\">Fort en \u00e9motions et loin des codes habituels du concert, ce spectacle unique est accessible \u00e0 tous.<\/p>\n\n\n\n<figure class=\"wp-block-embed is-type-video is-provider-youtube wp-block-embed-youtube wp-embed-aspect-16-9 wp-has-aspect-ratio\"><div class=\"wp-block-embed__wrapper\">\n<span class=\"embed-youtube\" style=\"text-align:center; display: block;\"><iframe loading=\"lazy\" class=\"youtube-player\" width=\"720\" height=\"405\" src=\"https:\/\/www.youtube.com\/embed\/e5FGOAZv8c8?version=3&#038;rel=1&#038;showsearch=0&#038;showinfo=1&#038;iv_load_policy=1&#038;fs=1&#038;hl=fr-FR&#038;autohide=2&#038;wmode=transparent\" allowfullscreen=\"true\" style=\"border:0;\" sandbox=\"allow-scripts allow-same-origin allow-popups allow-presentation allow-popups-to-escape-sandbox\"><\/iframe><\/span>\n<\/div><figcaption class=\"wp-element-caption\">Teaser du spectacle<\/figcaption><\/figure>\n\n\n\n<p>Une petite buvette vous accueillera sur place d\u00e8s 20h.<\/p>\n<\/div><\/div>\n\n\n\n<div class=\"wp-block-group\"><div class=\"wp-block-group__inner-container is-layout-constrained wp-block-group-is-layout-constrained\">\n<div class=\"wp-block-group\"><div class=\"wp-block-group__inner-container is-layout-constrained wp-block-group-is-layout-constrained\">\n<div class=\"wp-block-group\"><div class=\"wp-block-group__inner-container is-layout-constrained wp-block-group-is-layout-constrained\">\n<div class=\"wp-block-group\"><div class=\"wp-block-group__inner-container is-layout-constrained wp-block-group-is-layout-constrained\">\n<p class=\"has-text-align-left\"><strong><span style=\"text-decoration: underline;\">Billetterie: <\/span><\/strong> lien direct pour acheter les places en ligne : <a rel=\"noreferrer noopener\" href=\"https:\/\/www.migroslabilletterie.ch\/spectacle?id_spectacle=6942\" target=\"_blank\">https:\/\/www.migroslabilletterie.ch\/spectacle?id_spectacle=6942<\/a><strong><br>Migros Change Rive<br>Migros Change&nbsp;MParc&nbsp;La Praille<br>Stand Info Balexert<br><\/strong>T\u00e9l. 058 568 29 00 |&nbsp;www.migroslabilletterie.ch<\/p>\n\n\n\n<p class=\"has-text-align-left\"><strong>Cat\u00e9gorie 1<\/strong> en placement libre (assis au rez-de-chauss\u00e9e) : CHF <strong>37.\u2013<\/strong><br><strong>Cat\u00e9gorie 2<\/strong> en placement libre (debout au 1e et 2e \u00e9tage) : CHF <strong>22.\u2013<\/strong><\/p>\n\n\n\n<p class=\"has-text-align-left\">Possibilit\u00e9 d\u2019acheter les derniers billets disponibles chaque soir sur place.<\/p>\n<\/div><\/div>\n<\/div><\/div>\n\n\n\n<p><mark style=\"background-color:#fcb900\" class=\"has-inline-color has-black-color\">En devenant membre de l\u2019association Chiome d\u2019Oro pour l\u2019ann\u00e9e 2023 avant le 15 juillet, vous pourrez profiter de la vente priv\u00e9e de billets pour ce spectacle \u00e0 tarifs privil\u00e9gi\u00e9s, ainsi que d\u2019un cocktail de bienvenue avant le spectacle. Pour devenir membre, <a href=\"https:\/\/chiomedoro.com\/index.php\/contact\/nous-soutenir\/\" data-type=\"URL\" data-id=\"https:\/\/chiomedoro.com\/index.php\/contact\/nous-soutenir\/\">rendez-vous sur cette page.<\/a><\/mark><\/p>\n<\/div><\/div>\n<\/div><\/div>\n<\/div>\n\n\n\n<div class=\"wp-block-group\"><div class=\"wp-block-group__inner-container is-layout-constrained wp-block-group-is-layout-constrained\">\n<div class=\"wp-block-group\"><div class=\"wp-block-group__inner-container is-layout-constrained wp-block-group-is-layout-constrained\">\n<div class=\"wp-block-group\"><div class=\"wp-block-group__inner-container is-layout-constrained wp-block-group-is-layout-constrained\">\n<div class=\"wp-block-group\"><div class=\"wp-block-group__inner-container is-layout-constrained wp-block-group-is-layout-constrained\">\n<p><strong><span style=\"text-decoration: underline;\">Venir au spectacle&nbsp;:<\/span><\/strong><br>Arcoop, 32 rue des Noirettes, 1227 Carouge.<br>En transport en commun&nbsp;:<br><em>En train<\/em>&nbsp;: gare de Lancy Pont-Rouge \u00e0 12 minutes \u00e0 pied.<br><em>En tram<\/em> (15 ou 17)&nbsp;: arr\u00eat Pict-Thellusson \u00e0 4 minutes \u00e0 pied.<br><em>En bus <\/em>: arr\u00eat Lancy-Pont Rouge- Gare\/\u00c9toile (21, 43, 272, D, J ou K)&nbsp;\u00e0 8 minutes \u00e0 pied<br>Ou arr\u00eat Gavard (11, A1) \u00e0 10 minutes \u00e0 pied.<br><em>En voiture<\/em>&nbsp;: parking&nbsp;P+R \u00c9toile \u00e0 8 minutes \u00e0 pied ou parking&nbsp;de l\u2019Octroi \u00e0 10 minutes \u00e0 pied.<\/p>\n<\/div><\/div>\n<\/div><\/div>\n<\/div><\/div>\n\n\n\n<p><\/p>\n<\/div><\/div>\n","protected":false},"excerpt":{"rendered":"<p>Nous sommes ravis de vous pr\u00e9senter en exclusivit\u00e9 le tout premier trailer de notre dernier spectacle \u00e9poustouflant, \u00ab\u00a0Les Divins Caprices\u00a0\u00bb !&nbsp; Ce spectacle incroyable a \u00e9t\u00e9 le fruit de 3 repr\u00e9sentations \u00e0 guichets ferm\u00e9s, 2 r\u00e9sidences de cr\u00e9ation intenses et la participation de 15 artistes talentueux. Tout cela dans un lieu unique et magique tel [&hellip;]<\/p>\n","protected":false},"author":1,"featured_media":0,"parent":0,"menu_order":0,"comment_status":"closed","ping_status":"closed","template":"","meta":{"jetpack_post_was_ever_published":false,"footnotes":""},"class_list":["post-1531","page","type-page","status-publish","hentry"],"jetpack_sharing_enabled":true,"jetpack_shortlink":"https:\/\/wp.me\/P9gKRr-oH","jetpack_likes_enabled":true,"jetpack-related-posts":[{"id":97,"url":"https:\/\/chiomedoro.com\/index.php\/giona-entre-lumiere-divine-et-musique-marine\/","url_meta":{"origin":1531,"position":0},"title":"Giona : entre lumi\u00e8re divine et musique marine","author":"Noemie","date":"2 octobre 2017","format":false,"excerpt":"Oratorio Giona de Giovanni Battista Bassani mis en lumi\u00e8re et sc\u00e9nographi\u00e9 par David Debrinay, cr\u00e9ateur lumi\u00e8res. D\u00e9marche musicale: Au milieu du XVIIe si\u00e8cle, dans le nord de l\u2019Italie, le c\u0153ur de l\u2019oratorio moderne bat d\u00e9j\u00e0 pour rythmer le calendrier religieux. Nouvellement nomm\u00e9 ma\u00eetre de chapelle \u00e0 la cath\u00e9drale de Bergame,\u2026","rel":"","context":"Article similaire","block_context":{"text":"Article similaire","link":""},"img":{"alt_text":"","src":"https:\/\/i0.wp.com\/chiomedoro.com\/wp-content\/uploads\/2017\/10\/Giona.jpg?fit=1200%2C411&ssl=1&resize=350%2C200","width":350,"height":200,"srcset":"https:\/\/i0.wp.com\/chiomedoro.com\/wp-content\/uploads\/2017\/10\/Giona.jpg?fit=1200%2C411&ssl=1&resize=350%2C200 1x, https:\/\/i0.wp.com\/chiomedoro.com\/wp-content\/uploads\/2017\/10\/Giona.jpg?fit=1200%2C411&ssl=1&resize=525%2C300 1.5x, https:\/\/i0.wp.com\/chiomedoro.com\/wp-content\/uploads\/2017\/10\/Giona.jpg?fit=1200%2C411&ssl=1&resize=700%2C400 2x, https:\/\/i0.wp.com\/chiomedoro.com\/wp-content\/uploads\/2017\/10\/Giona.jpg?fit=1200%2C411&ssl=1&resize=1050%2C600 3x"},"classes":[]},{"id":43,"url":"https:\/\/chiomedoro.com\/index.php\/contact\/nous-soutenir\/","url_meta":{"origin":1531,"position":1},"title":"Nous soutenir","author":"Admin","date":"26 septembre 2017","format":false,"excerpt":"L\u2019ensemble Chiome d\u2019Oro, qui existe depuis 2010, a pris un tout autre envol depuis la cr\u00e9ation de l\u2019association des amis de Chiome d\u2019Oro en 2013. Gr\u00e2ce au soutien de ses membres dont la cotisation s\u2019apparente \u00e0 un petit m\u00e9c\u00e9nat, les musiciens de l\u2019ensemble peuvent esp\u00e9rer r\u00e9aliser leurs id\u00e9es les plus\u2026","rel":"","context":"Article similaire","block_context":{"text":"Article similaire","link":""},"img":{"alt_text":"","src":"","width":0,"height":0},"classes":[]},{"id":1297,"url":"https:\/\/chiomedoro.com\/index.php\/choeur-amici\/","url_meta":{"origin":1531,"position":2},"title":"Choeur Amici #2023","author":"Admin","date":"19 octobre 2021","format":false,"excerpt":"La polyphonie en Italie, en Espagne et au Nouveau Monde: l'\u00c2ge d'Or Le stage 2023 Amici, en collaboration avec l'ensemble Chiome d'Oro, sera consacr\u00e9 cette ann\u00e9e \u00e0 l'exploration de la polyphonie sacr\u00e9e. Au tournant du 17\u00e8me si\u00e8cle, la polyphonie atteint des sommets, que ce soit dans l'expression d'\u00e9motion, dans la\u2026","rel":"","context":"Article similaire","block_context":{"text":"Article similaire","link":""},"img":{"alt_text":"","src":"https:\/\/i0.wp.com\/chiomedoro.com\/wp-content\/uploads\/2023\/02\/L-interieur-cathedrale-Construite-partir-1155-Notre-Dame-Laon-aurait-inspire-concepteurs-celles-Paris-Chartres-Reims-Lausanne-Magdebourg_0.webp?resize=350%2C200&ssl=1","width":350,"height":200,"srcset":"https:\/\/i0.wp.com\/chiomedoro.com\/wp-content\/uploads\/2023\/02\/L-interieur-cathedrale-Construite-partir-1155-Notre-Dame-Laon-aurait-inspire-concepteurs-celles-Paris-Chartres-Reims-Lausanne-Magdebourg_0.webp?resize=350%2C200&ssl=1 1x, https:\/\/i0.wp.com\/chiomedoro.com\/wp-content\/uploads\/2023\/02\/L-interieur-cathedrale-Construite-partir-1155-Notre-Dame-Laon-aurait-inspire-concepteurs-celles-Paris-Chartres-Reims-Lausanne-Magdebourg_0.webp?resize=525%2C300&ssl=1 1.5x, https:\/\/i0.wp.com\/chiomedoro.com\/wp-content\/uploads\/2023\/02\/L-interieur-cathedrale-Construite-partir-1155-Notre-Dame-Laon-aurait-inspire-concepteurs-celles-Paris-Chartres-Reims-Lausanne-Magdebourg_0.webp?resize=700%2C400&ssl=1 2x"},"classes":[]},{"id":91,"url":"https:\/\/chiomedoro.com\/index.php\/capriccio-damore\/","url_meta":{"origin":1531,"position":3},"title":"Capriccio d\u2019Amore","author":"Noemie","date":"2 octobre 2017","format":false,"excerpt":"L\u2019amour en tranche fine... L\u2019Ensemble Chiome d\u2019Oro diss\u00e8que les relations amoureuses, et va nous faire pleurer de rire et de tristesse en se penchant sur les charmes et les d\u00e9senchantements de la vie de couple. Ce programme original, concoct\u00e9 sous la forme d\u2019un petit op\u00e9ra sans mise en sc\u00e8ne, a\u2026","rel":"","context":"Article similaire","block_context":{"text":"Article similaire","link":""},"img":{"alt_text":"","src":"https:\/\/i0.wp.com\/chiomedoro.com\/wp-content\/uploads\/2017\/10\/CapriccioDAmore.jpg?fit=1200%2C411&ssl=1&resize=350%2C200","width":350,"height":200,"srcset":"https:\/\/i0.wp.com\/chiomedoro.com\/wp-content\/uploads\/2017\/10\/CapriccioDAmore.jpg?fit=1200%2C411&ssl=1&resize=350%2C200 1x, https:\/\/i0.wp.com\/chiomedoro.com\/wp-content\/uploads\/2017\/10\/CapriccioDAmore.jpg?fit=1200%2C411&ssl=1&resize=525%2C300 1.5x, https:\/\/i0.wp.com\/chiomedoro.com\/wp-content\/uploads\/2017\/10\/CapriccioDAmore.jpg?fit=1200%2C411&ssl=1&resize=700%2C400 2x, https:\/\/i0.wp.com\/chiomedoro.com\/wp-content\/uploads\/2017\/10\/CapriccioDAmore.jpg?fit=1200%2C411&ssl=1&resize=1050%2C600 3x"},"classes":[]},{"id":1124,"url":"https:\/\/chiomedoro.com\/index.php\/da-monteverdi-a-monteverdi\/","url_meta":{"origin":1531,"position":4},"title":"Da Monteverdi a Monteverdi","author":"Admin","date":"11 d\u00e9cembre 2019","format":false,"excerpt":"Ce programme est un hommage \u00e0 Claudio Monteverdi (1567-1643), le plus grand compositeur du XVIIe si\u00e8cle italien, aux qualit\u00e9s contrapuntiques et dramatiques exceptionnelles, tant dans la musique religieuse que dans la musique profane. Dans cette \u00e8re baroque des effets de contrastes, Monteverdi hissa l\u2019art du madrigal au plus haut degr\u00e9\u2026","rel":"","context":"Article similaire","block_context":{"text":"Article similaire","link":""},"img":{"alt_text":"","src":"https:\/\/i0.wp.com\/chiomedoro.com\/wp-content\/uploads\/2020\/01\/201809042131_D750_DSC_4671-1280.jpg?fit=1200%2C801&ssl=1&resize=350%2C200","width":350,"height":200,"srcset":"https:\/\/i0.wp.com\/chiomedoro.com\/wp-content\/uploads\/2020\/01\/201809042131_D750_DSC_4671-1280.jpg?fit=1200%2C801&ssl=1&resize=350%2C200 1x, https:\/\/i0.wp.com\/chiomedoro.com\/wp-content\/uploads\/2020\/01\/201809042131_D750_DSC_4671-1280.jpg?fit=1200%2C801&ssl=1&resize=525%2C300 1.5x, https:\/\/i0.wp.com\/chiomedoro.com\/wp-content\/uploads\/2020\/01\/201809042131_D750_DSC_4671-1280.jpg?fit=1200%2C801&ssl=1&resize=700%2C400 2x, https:\/\/i0.wp.com\/chiomedoro.com\/wp-content\/uploads\/2020\/01\/201809042131_D750_DSC_4671-1280.jpg?fit=1200%2C801&ssl=1&resize=1050%2C600 3x"},"classes":[]},{"id":1108,"url":"https:\/\/chiomedoro.com\/index.php\/nos-disques\/","url_meta":{"origin":1531,"position":5},"title":"Nos Disques","author":"Admin","date":"30 novembre 2019","format":false,"excerpt":"\"Le Th\u00e9\u00e2tre du Monde\", sorti en 2014 chez Claves Au tournant du XVIIe si\u00e8cle, certains compositeurs ont cherch\u00e9, pour la premi\u00e8re fois, \u00e0 exprimer musicalement, non plus les \u00e9motions des dieux, mais celles des hommes, bien plus violentes et profondes. L'amour, la haine et le d\u00e9sespoir sont r\u00e9unis sur la\u2026","rel":"","context":"Article similaire","block_context":{"text":"Article similaire","link":""},"img":{"alt_text":"","src":"https:\/\/i0.wp.com\/chiomedoro.com\/wp-content\/uploads\/2022\/11\/image-provisoir-TdM-1.jpg?resize=350%2C200&ssl=1","width":350,"height":200,"srcset":"https:\/\/i0.wp.com\/chiomedoro.com\/wp-content\/uploads\/2022\/11\/image-provisoir-TdM-1.jpg?resize=350%2C200&ssl=1 1x, https:\/\/i0.wp.com\/chiomedoro.com\/wp-content\/uploads\/2022\/11\/image-provisoir-TdM-1.jpg?resize=525%2C300&ssl=1 1.5x, https:\/\/i0.wp.com\/chiomedoro.com\/wp-content\/uploads\/2022\/11\/image-provisoir-TdM-1.jpg?resize=700%2C400&ssl=1 2x, https:\/\/i0.wp.com\/chiomedoro.com\/wp-content\/uploads\/2022\/11\/image-provisoir-TdM-1.jpg?resize=1050%2C600&ssl=1 3x, https:\/\/i0.wp.com\/chiomedoro.com\/wp-content\/uploads\/2022\/11\/image-provisoir-TdM-1.jpg?resize=1400%2C800&ssl=1 4x"},"classes":[]}],"_links":{"self":[{"href":"https:\/\/chiomedoro.com\/index.php\/wp-json\/wp\/v2\/pages\/1531","targetHints":{"allow":["GET"]}}],"collection":[{"href":"https:\/\/chiomedoro.com\/index.php\/wp-json\/wp\/v2\/pages"}],"about":[{"href":"https:\/\/chiomedoro.com\/index.php\/wp-json\/wp\/v2\/types\/page"}],"author":[{"embeddable":true,"href":"https:\/\/chiomedoro.com\/index.php\/wp-json\/wp\/v2\/users\/1"}],"replies":[{"embeddable":true,"href":"https:\/\/chiomedoro.com\/index.php\/wp-json\/wp\/v2\/comments?post=1531"}],"version-history":[{"count":28,"href":"https:\/\/chiomedoro.com\/index.php\/wp-json\/wp\/v2\/pages\/1531\/revisions"}],"predecessor-version":[{"id":1610,"href":"https:\/\/chiomedoro.com\/index.php\/wp-json\/wp\/v2\/pages\/1531\/revisions\/1610"}],"wp:attachment":[{"href":"https:\/\/chiomedoro.com\/index.php\/wp-json\/wp\/v2\/media?parent=1531"}],"curies":[{"name":"wp","href":"https:\/\/api.w.org\/{rel}","templated":true}]}}