{"id":1297,"date":"2021-10-19T11:53:55","date_gmt":"2021-10-19T09:53:55","guid":{"rendered":"http:\/\/chiomedoro.com\/?page_id=1297"},"modified":"2023-02-25T09:55:14","modified_gmt":"2023-02-25T08:55:14","slug":"choeur-amici","status":"publish","type":"page","link":"https:\/\/chiomedoro.com\/index.php\/choeur-amici\/","title":{"rendered":"Choeur Amici #2023"},"content":{"rendered":"\n<p class=\"has-text-align-center has-large-font-size\"><em>La polyphonie en Italie, en Espagne et au Nouveau Monde<\/em>: l&rsquo;\u00c2ge d&rsquo;Or<\/p>\n\n\n\n<figure class=\"wp-block-image size-full\"><img data-recalc-dims=\"1\" loading=\"lazy\" decoding=\"async\" width=\"720\" height=\"479\" data-attachment-id=\"1452\" data-permalink=\"https:\/\/chiomedoro.com\/index.php\/choeur-amici\/l-interieur-cathedrale-construite-partir-1155-notre-dame-laon-aurait-inspire-concepteurs-celles-paris-chartres-reims-lausanne-magdebourg_0\/\" data-orig-file=\"https:\/\/i0.wp.com\/chiomedoro.com\/wp-content\/uploads\/2023\/02\/L-interieur-cathedrale-Construite-partir-1155-Notre-Dame-Laon-aurait-inspire-concepteurs-celles-Paris-Chartres-Reims-Lausanne-Magdebourg_0.webp?fit=729%2C485&amp;ssl=1\" data-orig-size=\"729,485\" data-comments-opened=\"0\" data-image-meta=\"{&quot;aperture&quot;:&quot;0&quot;,&quot;credit&quot;:&quot;&quot;,&quot;camera&quot;:&quot;&quot;,&quot;caption&quot;:&quot;&quot;,&quot;created_timestamp&quot;:&quot;0&quot;,&quot;copyright&quot;:&quot;&quot;,&quot;focal_length&quot;:&quot;0&quot;,&quot;iso&quot;:&quot;0&quot;,&quot;shutter_speed&quot;:&quot;0&quot;,&quot;title&quot;:&quot;&quot;,&quot;orientation&quot;:&quot;0&quot;}\" data-image-title=\"L-interieur-cathedrale-Construite-partir-1155-Notre-Dame-Laon-aurait-inspire-concepteurs-celles-Paris-Chartres-Reims-Lausanne-Magdebourg_0\" data-image-description=\"\" data-image-caption=\"\" data-large-file=\"https:\/\/i0.wp.com\/chiomedoro.com\/wp-content\/uploads\/2023\/02\/L-interieur-cathedrale-Construite-partir-1155-Notre-Dame-Laon-aurait-inspire-concepteurs-celles-Paris-Chartres-Reims-Lausanne-Magdebourg_0.webp?fit=720%2C479&amp;ssl=1\" src=\"https:\/\/i0.wp.com\/chiomedoro.com\/wp-content\/uploads\/2023\/02\/L-interieur-cathedrale-Construite-partir-1155-Notre-Dame-Laon-aurait-inspire-concepteurs-celles-Paris-Chartres-Reims-Lausanne-Magdebourg_0.webp?resize=720%2C479&#038;ssl=1\" alt=\"\" class=\"wp-image-1452\" srcset=\"https:\/\/i0.wp.com\/chiomedoro.com\/wp-content\/uploads\/2023\/02\/L-interieur-cathedrale-Construite-partir-1155-Notre-Dame-Laon-aurait-inspire-concepteurs-celles-Paris-Chartres-Reims-Lausanne-Magdebourg_0.webp?w=729&amp;ssl=1 729w, https:\/\/i0.wp.com\/chiomedoro.com\/wp-content\/uploads\/2023\/02\/L-interieur-cathedrale-Construite-partir-1155-Notre-Dame-Laon-aurait-inspire-concepteurs-celles-Paris-Chartres-Reims-Lausanne-Magdebourg_0.webp?resize=300%2C200&amp;ssl=1 300w\" sizes=\"auto, (max-width: 720px) 100vw, 720px\" \/><\/figure>\n\n\n\n<p class=\"has-text-align-justify\"><strong>Le stage 2023<\/strong> Amici, en collaboration avec l&rsquo;ensemble Chiome d&rsquo;Oro, sera consacr\u00e9 cette ann\u00e9e \u00e0 l&rsquo;exploration de la polyphonie sacr\u00e9e. Au tournant du 17\u00e8me si\u00e8cle, la polyphonie atteint des sommets, que ce soit dans l&rsquo;expression d&rsquo;\u00e9motion, dans la complexit\u00e9 ou la vari\u00e9t\u00e9 des compositions. Dans une explosion de couleurs, les compositeurs italiens et espagnols ont rivalis\u00e9 d&rsquo;ing\u00e9niosit\u00e9 pour remplir les immenses espaces des cath\u00e9drales. Dans cette \u00e9dition 2023 du stage, nous allons nous pencher sur deux compositeurs majeurs que sont Tomas Luis de Victoria et Giovanni Pierluigi Palestrina. Nous ferons un petit d\u00e9tour par l&rsquo;Am\u00e9rique du sud avec une magnifique pi\u00e8ce anonyme \u00e0 double choeur. <\/p>\n\n\n\n<p class=\"has-text-align-center has-medium-font-size\"><a href=\"https:\/\/chiomedoro.com\/index.php\/events\/amici-2023-inscriptions\/\" target=\"_blank\" rel=\"noreferrer noopener\">INSCRIPTIONS OUVERTES, cliquez ici !<\/a><\/p>\n\n\n\n<p class=\"has-text-align-left\"><strong>Il suffit de cliquer sur \u00ab\u00a0r\u00e9servez maintenant\u00a0\u00bb, puis de s\u00e9lectionner votre tessiture, et enfin d&rsquo;indiquer votre coordonn\u00e9es dans la partie commentaire avant de valider l&rsquo;inscription<\/strong><\/p>\n\n\n\n<p class=\"has-text-align-center has-medium-font-size\">15 personnes par tessitures, 60 personnes maximum.<\/p>\n\n\n\n<p class=\"has-text-align-justify has-large-font-size\"><strong>Les dates : <\/strong><\/p>\n\n\n\n<div class=\"wp-block-group\"><div class=\"wp-block-group__inner-container is-layout-constrained wp-block-group-is-layout-constrained\">\n<p class=\"has-text-align-justify has-medium-font-size\"><strong>Week-end 1&nbsp;<\/strong>: <strong>Samedi 15 et Dimanche 16 avril 2023&nbsp;<\/strong>(10h-17h avec pause d\u00e9jeuner) <\/p>\n\n\n\n<p class=\"has-text-align-justify has-normal-font-size\">Lieu&nbsp;:&nbsp; Paroisse des Eaux-Vives (Place de Jargonnant 5, 1207 Gen\u00e8ve) <\/p>\n\n\n\n<p class=\"has-text-align-justify has-normal-font-size\">Intervenant&nbsp;: Pierre-Louis R\u00e9tat, direction<\/p>\n<\/div><\/div>\n\n\n\n<div class=\"wp-block-group has-normal-font-size\"><div class=\"wp-block-group__inner-container is-layout-constrained wp-block-group-is-layout-constrained\">\n<p><\/p>\n\n\n\n<p class=\"has-medium-font-size\"><strong>Week-end 2&nbsp;<\/strong>: <strong>Samedi&nbsp;13&nbsp;et Dimanche&nbsp;14 mai 2023&nbsp;<\/strong>(horaires \u00e0 pr\u00e9ciser par groupes)<\/p>\n\n\n\n<p class=\"has-small-font-size\"><strong>***Travail par voix et en petits groupes de solistes***<\/strong><\/p>\n\n\n\n<p>Lieu&nbsp;: Chapelle d\u2019Aigues-Vertes (29, route de Ch\u00e8vres, 1233 Bernex)&nbsp;<\/p>\n\n\n\n<p>Intervenantes&nbsp;: Capucine Keller, soprano et Olivia Romanet, cheffe de ch\u0153ur&nbsp;<\/p>\n\n\n\n<div class=\"wp-block-group\"><div class=\"wp-block-group__inner-container is-layout-constrained wp-block-group-is-layout-constrained\">\n<p><\/p>\n\n\n\n<p class=\"has-medium-font-size\"><strong>Week-end 3&nbsp;<\/strong>: <strong>Samedi&nbsp;8 et Dimanche&nbsp;9 juillet 2023 <\/strong>(10h-17h avec pause d\u00e9jeuner)<\/p>\n\n\n\n<p>Lieu&nbsp;:&nbsp; Chapelle d\u2019Aigues-Vertes (29, route de Ch\u00e8vres, 1233 Bernex)<\/p>\n\n\n\n<p>Intervenants&nbsp;:&nbsp;Pierre-Louis R\u00e9tat, direction, Claudia Conese, soprano et Cecilia Knudtsen, viole de gambe<\/p>\n\n\n\n<div class=\"wp-block-group\"><div class=\"wp-block-group__inner-container is-layout-constrained wp-block-group-is-layout-constrained\">\n<div class=\"wp-block-group\"><div class=\"wp-block-group__inner-container is-layout-constrained wp-block-group-is-layout-constrained\">\n<p><\/p>\n\n\n\n<p class=\"has-medium-font-size\"><strong>Week-end 4&nbsp;<\/strong>: <strong>Samedi&nbsp;19 et Dimanche&nbsp;20 ao\u00fbt 2023 <\/strong>(10h-17h avec pause d\u00e9jeuner)<\/p>\n\n\n\n<p>Lieu&nbsp;:&nbsp; \u00e0 d\u00e9finir<\/p>\n\n\n\n<p>Intervenant&nbsp;: tous, sous la direction de Pierre-Louis R\u00e9tat<\/p>\n\n\n\n<p><strong>+ restitution publique \u00e0 la fin du stage&nbsp;<\/strong><\/p>\n<\/div><\/div>\n<\/div><\/div>\n<\/div><\/div>\n<\/div><\/div>\n\n\n\n<div class=\"wp-block-group\"><div class=\"wp-block-group__inner-container is-layout-constrained wp-block-group-is-layout-constrained\">\n<div class=\"wp-block-group\"><div class=\"wp-block-group__inner-container is-layout-constrained wp-block-group-is-layout-constrained\">\n<p class=\"has-text-align-left has-large-font-size\"><strong>Le programme : <\/strong><\/p>\n\n\n\n<p class=\"has-text-align-center\"><strong>Anonyme: Salve Regina a 8<\/strong>&nbsp;<\/p>\n\n\n\n<p class=\"has-text-align-center\"><strong>Palestrina :&nbsp;Vinea meaelecta<\/strong><\/p>\n\n\n\n<p class=\"has-text-align-center\"><strong>Palestrina: Ave Maria<\/strong><\/p>\n\n\n\n<p class=\"has-text-align-center\"><strong>Victoria : Magnum mysterium<\/strong><\/p>\n\n\n\n<p class=\"has-text-align-center\"><strong>Victoria:&nbsp;Letaniae&nbsp;de la Vierge<\/strong> (extraits)<\/p>\n<\/div><\/div>\n<\/div><\/div>\n\n\n\n<p><\/p>\n\n\n\n<p><\/p>\n\n\n\n<p class=\"has-large-font-size\"><strong>Le prix: <\/strong><\/p>\n\n\n\n<div class=\"wp-block-group\"><div class=\"wp-block-group__inner-container is-layout-constrained wp-block-group-is-layout-constrained\">\n<p class=\"has-medium-font-size\">Le tarif pour les 4 week-end est de CHF 250.- par participant. Payable en une fois. Si vous avez des difficult\u00e9s \u00e0 payer tout d\u2019un coup, merci de nous contacter \u00e0 ce sujet.<\/p>\n\n\n\n<div class=\"wp-block-group\"><div class=\"wp-block-group__inner-container is-layout-constrained wp-block-group-is-layout-constrained\">\n<p class=\"has-normal-font-size\"><strong>COORDONNEES BANCAIRE DE L\u2019ASSOCIATION CHIOME D\u2019ORO&nbsp;POUR LE PAIEMENT DES WEEK-ENDS :<\/strong><\/p>\n\n\n\n<p>Postfinance, Nordring 8, 3030 Berne, Suisse. <strong>CCP<\/strong><strong> :<\/strong> 12-776773-7<\/p>\n\n\n\n<p><strong>BIC<\/strong><strong>&nbsp;:<\/strong> POFICHBEXXX&nbsp; &nbsp; &nbsp; &nbsp; <strong>IBAN<\/strong><strong>&nbsp;(Rib) :<\/strong>&nbsp;CH18 0900 0000 1277 6773 7<\/p>\n\n\n\n<p><strong>MERCI D\u2019INDIQUER \u00ab&nbsp;AMICI + VOTRE NOM&nbsp;\u00bb DANS LE VERSEMENT&nbsp;<\/strong><\/p>\n\n\n\n<p>Il n\u2019est pas possible de payer par ch\u00e8que<\/p>\n<\/div><\/div>\n<\/div><\/div>\n\n\n\n<p class=\"has-large-font-size\"><strong>Les conditions: <\/strong><\/p>\n\n\n\n<ul class=\"wp-block-list\">\n<li>Tous les niveaux de chant et de lecture sont les bienvenus. Le travail sera adapt\u00e9 en fonction des niveaux. Le but de ce stage est de se faire plaisir avant tout.&nbsp;<\/li>\n\n\n\n<li>L\u2019inscription au stage 2023 est d\u00e9finitive et donc non remboursable, sauf cas de force majeur \u00e0 justifier avec certificat.&nbsp;<\/li>\n\n\n\n<li>Le tarif du stage 2023 de 250.\u2013 est unique pour les 4 week-ends, m\u00eame si les participants ne peuvent pas assister \u00e0 tous les stages.<\/li>\n\n\n\n<li>L\u2019Association Chiome d\u2019Oro se r\u00e9serve le droit d\u2019annuler le stage si le nombre de participants n\u2019est pas assez \u00e9lev\u00e9.&nbsp;<\/li>\n\n\n\n<li>L\u2019Association ne fournit pas les repas de midi des participants.&nbsp;<\/li>\n<\/ul>\n\n\n\n<div data-wp-interactive=\"core\/file\" class=\"wp-block-file\"><object data-wp-bind--hidden=\"!state.hasPdfPreview\" hidden class=\"wp-block-file__embed\" data=\"https:\/\/chiomedoro.com\/wp-content\/uploads\/2023\/02\/Stages-Amici-2023.pdf\" type=\"application\/pdf\" style=\"width:100%;height:200px\" aria-label=\"Contenu embarqu\u00e9 Stages-Amici-2023.\"><\/object><a id=\"wp-block-file--media-434c5ad4-43e3-47a3-ad81-71c1c1474548\" href=\"https:\/\/chiomedoro.com\/wp-content\/uploads\/2023\/02\/Stages-Amici-2023.pdf\">Stages-Amici-2023<\/a><a href=\"https:\/\/chiomedoro.com\/wp-content\/uploads\/2023\/02\/Stages-Amici-2023.pdf\" class=\"wp-block-file__button wp-element-button\" download aria-describedby=\"wp-block-file--media-434c5ad4-43e3-47a3-ad81-71c1c1474548\">T\u00e9l\u00e9charger<\/a><\/div>\n\n\n\n<figure class=\"wp-block-image size-full\"><img data-recalc-dims=\"1\" loading=\"lazy\" decoding=\"async\" width=\"720\" height=\"511\" data-attachment-id=\"1443\" data-permalink=\"https:\/\/chiomedoro.com\/index.php\/choeur-amici\/dosso-dossi-les-trois-ages-de-la-vie-1518-20\/\" data-orig-file=\"https:\/\/i0.wp.com\/chiomedoro.com\/wp-content\/uploads\/2023\/02\/dosso-dossi.-les-trois-ages-de-la-vie-1518-20-.jpg?fit=1024%2C727&amp;ssl=1\" data-orig-size=\"1024,727\" data-comments-opened=\"0\" data-image-meta=\"{&quot;aperture&quot;:&quot;0&quot;,&quot;credit&quot;:&quot;&quot;,&quot;camera&quot;:&quot;&quot;,&quot;caption&quot;:&quot;&quot;,&quot;created_timestamp&quot;:&quot;0&quot;,&quot;copyright&quot;:&quot;&quot;,&quot;focal_length&quot;:&quot;0&quot;,&quot;iso&quot;:&quot;0&quot;,&quot;shutter_speed&quot;:&quot;0&quot;,&quot;title&quot;:&quot;&quot;,&quot;orientation&quot;:&quot;0&quot;}\" data-image-title=\"dosso-dossi.-les-trois-ages-de-la-vie-1518-20-\" data-image-description=\"\" data-image-caption=\"\" data-large-file=\"https:\/\/i0.wp.com\/chiomedoro.com\/wp-content\/uploads\/2023\/02\/dosso-dossi.-les-trois-ages-de-la-vie-1518-20-.jpg?fit=720%2C511&amp;ssl=1\" src=\"https:\/\/i0.wp.com\/chiomedoro.com\/wp-content\/uploads\/2023\/02\/dosso-dossi.-les-trois-ages-de-la-vie-1518-20-.jpg?resize=720%2C511&#038;ssl=1\" alt=\"\" class=\"wp-image-1443\" srcset=\"https:\/\/i0.wp.com\/chiomedoro.com\/wp-content\/uploads\/2023\/02\/dosso-dossi.-les-trois-ages-de-la-vie-1518-20-.jpg?w=1024&amp;ssl=1 1024w, https:\/\/i0.wp.com\/chiomedoro.com\/wp-content\/uploads\/2023\/02\/dosso-dossi.-les-trois-ages-de-la-vie-1518-20-.jpg?resize=300%2C213&amp;ssl=1 300w, https:\/\/i0.wp.com\/chiomedoro.com\/wp-content\/uploads\/2023\/02\/dosso-dossi.-les-trois-ages-de-la-vie-1518-20-.jpg?resize=768%2C545&amp;ssl=1 768w\" sizes=\"auto, (max-width: 720px) 100vw, 720px\" \/><figcaption class=\"wp-element-caption\"><strong>Dosso Dossi. Les trois \u00e2ges de la vie (1518-20)<\/strong><\/figcaption><\/figure>\n","protected":false},"excerpt":{"rendered":"<p>La polyphonie en Italie, en Espagne et au Nouveau Monde: l&rsquo;\u00c2ge d&rsquo;Or Le stage 2023 Amici, en collaboration avec l&rsquo;ensemble Chiome d&rsquo;Oro, sera consacr\u00e9 cette ann\u00e9e \u00e0 l&rsquo;exploration de la polyphonie sacr\u00e9e. Au tournant du 17\u00e8me si\u00e8cle, la polyphonie atteint des sommets, que ce soit dans l&rsquo;expression d&rsquo;\u00e9motion, dans la complexit\u00e9 ou la vari\u00e9t\u00e9 des [&hellip;]<\/p>\n","protected":false},"author":1,"featured_media":0,"parent":0,"menu_order":0,"comment_status":"closed","ping_status":"closed","template":"","meta":{"jetpack_post_was_ever_published":false,"footnotes":""},"class_list":["post-1297","page","type-page","status-publish","hentry"],"jetpack_sharing_enabled":true,"jetpack_shortlink":"https:\/\/wp.me\/P9gKRr-kV","jetpack_likes_enabled":true,"jetpack-related-posts":[{"id":25,"url":"https:\/\/chiomedoro.com\/index.php\/lensemble\/","url_meta":{"origin":1297,"position":0},"title":"L&rsquo;Ensemble","author":"Admin","date":"26 septembre 2017","format":false,"excerpt":"ENSEMBLE CHIOME D\u2019ORO \u2013 Pierre-Louis R\u00e9tat, direction Fond\u00e9 en 2010 \u00e0 Gen\u00e8ve par le claveciniste Pierre-Louis R\u00e9tat et la soprano Capucine Keller, l\u2019ensemble Chiome d\u2019Oro doit son nom \u00e0 l\u2019un des madrigaux de Claudio Monteverdi \u00e0 qui les musiciens rendent ainsi hommage. D\u00e8s sa premi\u00e8re ann\u00e9e, l\u2019ensemble a b\u00e9n\u00e9fici\u00e9 du\u2026","rel":"","context":"Article similaire","block_context":{"text":"Article similaire","link":""},"img":{"alt_text":"","src":"https:\/\/i0.wp.com\/chiomedoro.com\/wp-content\/uploads\/2017\/09\/img0073.jpg?fit=809%2C435&ssl=1&resize=350%2C200","width":350,"height":200,"srcset":"https:\/\/i0.wp.com\/chiomedoro.com\/wp-content\/uploads\/2017\/09\/img0073.jpg?fit=809%2C435&ssl=1&resize=350%2C200 1x, https:\/\/i0.wp.com\/chiomedoro.com\/wp-content\/uploads\/2017\/09\/img0073.jpg?fit=809%2C435&ssl=1&resize=525%2C300 1.5x, https:\/\/i0.wp.com\/chiomedoro.com\/wp-content\/uploads\/2017\/09\/img0073.jpg?fit=809%2C435&ssl=1&resize=700%2C400 2x"},"classes":[]},{"id":1531,"url":"https:\/\/chiomedoro.com\/index.php\/1531-2\/","url_meta":{"origin":1297,"position":1},"title":"Les divins caprices, la suite","author":"Admin","date":"19 juin 2023","format":false,"excerpt":"Nous sommes ravis de vous pr\u00e9senter en exclusivit\u00e9 le tout premier trailer de notre dernier spectacle \u00e9poustouflant, \"Les Divins Caprices\" !\u00a0 Ce spectacle incroyable a \u00e9t\u00e9 le fruit de 3 repr\u00e9sentations \u00e0 guichets ferm\u00e9s, 2 r\u00e9sidences de cr\u00e9ation intenses et la participation de 15 artistes talentueux. Tout cela dans un\u2026","rel":"","context":"Article similaire","block_context":{"text":"Article similaire","link":""},"img":{"alt_text":"","src":"https:\/\/i0.wp.com\/chiomedoro.com\/wp-content\/uploads\/2023\/06\/IMG-20230606-WA0020.jpg?resize=350%2C200&ssl=1","width":350,"height":200,"srcset":"https:\/\/i0.wp.com\/chiomedoro.com\/wp-content\/uploads\/2023\/06\/IMG-20230606-WA0020.jpg?resize=350%2C200&ssl=1 1x, https:\/\/i0.wp.com\/chiomedoro.com\/wp-content\/uploads\/2023\/06\/IMG-20230606-WA0020.jpg?resize=525%2C300&ssl=1 1.5x, https:\/\/i0.wp.com\/chiomedoro.com\/wp-content\/uploads\/2023\/06\/IMG-20230606-WA0020.jpg?resize=700%2C400&ssl=1 2x"},"classes":[]},{"id":95,"url":"https:\/\/chiomedoro.com\/index.php\/sparge-la-morte\/","url_meta":{"origin":1297,"position":2},"title":"Sparge la Morte","author":"Noemie","date":"2 octobre 2017","format":false,"excerpt":"Dans ce si\u00e8cle du baroque italien - l\u2019\u00e8re des effets de contrastes par excellence -, les trois compositeurs Monteverdi, Gesualdo et D\u2019India ont hiss\u00e9 l\u2019art du madrigal au plus haut degr\u00e9 de sophistication et d\u2019expression, en m\u00e9langeant la ma\u00eetrise contrapuntique de la Renaissance et l\u2019audace exacerb\u00e9e de cette nouvelle \u00e9poque.\u2026","rel":"","context":"Article similaire","block_context":{"text":"Article similaire","link":""},"img":{"alt_text":"","src":"https:\/\/i0.wp.com\/chiomedoro.com\/wp-content\/uploads\/2017\/10\/SpargeLaMorte.jpg?fit=1200%2C411&ssl=1&resize=350%2C200","width":350,"height":200,"srcset":"https:\/\/i0.wp.com\/chiomedoro.com\/wp-content\/uploads\/2017\/10\/SpargeLaMorte.jpg?fit=1200%2C411&ssl=1&resize=350%2C200 1x, https:\/\/i0.wp.com\/chiomedoro.com\/wp-content\/uploads\/2017\/10\/SpargeLaMorte.jpg?fit=1200%2C411&ssl=1&resize=525%2C300 1.5x, https:\/\/i0.wp.com\/chiomedoro.com\/wp-content\/uploads\/2017\/10\/SpargeLaMorte.jpg?fit=1200%2C411&ssl=1&resize=700%2C400 2x, https:\/\/i0.wp.com\/chiomedoro.com\/wp-content\/uploads\/2017\/10\/SpargeLaMorte.jpg?fit=1200%2C411&ssl=1&resize=1050%2C600 3x"},"classes":[]},{"id":97,"url":"https:\/\/chiomedoro.com\/index.php\/giona-entre-lumiere-divine-et-musique-marine\/","url_meta":{"origin":1297,"position":3},"title":"Giona : entre lumi\u00e8re divine et musique marine","author":"Noemie","date":"2 octobre 2017","format":false,"excerpt":"Oratorio Giona de Giovanni Battista Bassani mis en lumi\u00e8re et sc\u00e9nographi\u00e9 par David Debrinay, cr\u00e9ateur lumi\u00e8res. D\u00e9marche musicale: Au milieu du XVIIe si\u00e8cle, dans le nord de l\u2019Italie, le c\u0153ur de l\u2019oratorio moderne bat d\u00e9j\u00e0 pour rythmer le calendrier religieux. Nouvellement nomm\u00e9 ma\u00eetre de chapelle \u00e0 la cath\u00e9drale de Bergame,\u2026","rel":"","context":"Article similaire","block_context":{"text":"Article similaire","link":""},"img":{"alt_text":"","src":"https:\/\/i0.wp.com\/chiomedoro.com\/wp-content\/uploads\/2017\/10\/Giona.jpg?fit=1200%2C411&ssl=1&resize=350%2C200","width":350,"height":200,"srcset":"https:\/\/i0.wp.com\/chiomedoro.com\/wp-content\/uploads\/2017\/10\/Giona.jpg?fit=1200%2C411&ssl=1&resize=350%2C200 1x, https:\/\/i0.wp.com\/chiomedoro.com\/wp-content\/uploads\/2017\/10\/Giona.jpg?fit=1200%2C411&ssl=1&resize=525%2C300 1.5x, https:\/\/i0.wp.com\/chiomedoro.com\/wp-content\/uploads\/2017\/10\/Giona.jpg?fit=1200%2C411&ssl=1&resize=700%2C400 2x, https:\/\/i0.wp.com\/chiomedoro.com\/wp-content\/uploads\/2017\/10\/Giona.jpg?fit=1200%2C411&ssl=1&resize=1050%2C600 3x"},"classes":[]},{"id":1108,"url":"https:\/\/chiomedoro.com\/index.php\/nos-disques\/","url_meta":{"origin":1297,"position":4},"title":"Nos Disques","author":"Admin","date":"30 novembre 2019","format":false,"excerpt":"\"Le Th\u00e9\u00e2tre du Monde\", sorti en 2014 chez Claves Au tournant du XVIIe si\u00e8cle, certains compositeurs ont cherch\u00e9, pour la premi\u00e8re fois, \u00e0 exprimer musicalement, non plus les \u00e9motions des dieux, mais celles des hommes, bien plus violentes et profondes. L'amour, la haine et le d\u00e9sespoir sont r\u00e9unis sur la\u2026","rel":"","context":"Article similaire","block_context":{"text":"Article similaire","link":""},"img":{"alt_text":"","src":"https:\/\/i0.wp.com\/chiomedoro.com\/wp-content\/uploads\/2022\/11\/image-provisoir-TdM-1.jpg?resize=350%2C200&ssl=1","width":350,"height":200,"srcset":"https:\/\/i0.wp.com\/chiomedoro.com\/wp-content\/uploads\/2022\/11\/image-provisoir-TdM-1.jpg?resize=350%2C200&ssl=1 1x, https:\/\/i0.wp.com\/chiomedoro.com\/wp-content\/uploads\/2022\/11\/image-provisoir-TdM-1.jpg?resize=525%2C300&ssl=1 1.5x, https:\/\/i0.wp.com\/chiomedoro.com\/wp-content\/uploads\/2022\/11\/image-provisoir-TdM-1.jpg?resize=700%2C400&ssl=1 2x, https:\/\/i0.wp.com\/chiomedoro.com\/wp-content\/uploads\/2022\/11\/image-provisoir-TdM-1.jpg?resize=1050%2C600&ssl=1 3x, https:\/\/i0.wp.com\/chiomedoro.com\/wp-content\/uploads\/2022\/11\/image-provisoir-TdM-1.jpg?resize=1400%2C800&ssl=1 4x"},"classes":[]},{"id":80,"url":"https:\/\/chiomedoro.com\/index.php\/le-theatre-du-monde\/","url_meta":{"origin":1297,"position":5},"title":"Le Th\u00e9\u00e2tre du Monde","author":"Noemie","date":"2 octobre 2017","format":false,"excerpt":"Les affetti dans la musique s\u00e9culaire du\u00a0 XVIIe si\u00e8cle italien Au tournant du\u00a0 XVIIe si\u00e8cle, certains compositeurs ont cherch\u00e9 divers moyens de mettre en sc\u00e8ne les \u00e9motions humaines. Ainsi, pour la premi\u00e8re fois, l\u2019amour, la haine et le d\u00e9sespoir se c\u00f4toient non seulement dans le texte, mais \u00e9galement dans la\u2026","rel":"","context":"Article similaire","block_context":{"text":"Article similaire","link":""},"img":{"alt_text":"","src":"https:\/\/i0.wp.com\/chiomedoro.com\/wp-content\/uploads\/2017\/10\/TheatreDuMonde.jpg?fit=1200%2C411&ssl=1&resize=350%2C200","width":350,"height":200,"srcset":"https:\/\/i0.wp.com\/chiomedoro.com\/wp-content\/uploads\/2017\/10\/TheatreDuMonde.jpg?fit=1200%2C411&ssl=1&resize=350%2C200 1x, https:\/\/i0.wp.com\/chiomedoro.com\/wp-content\/uploads\/2017\/10\/TheatreDuMonde.jpg?fit=1200%2C411&ssl=1&resize=525%2C300 1.5x, https:\/\/i0.wp.com\/chiomedoro.com\/wp-content\/uploads\/2017\/10\/TheatreDuMonde.jpg?fit=1200%2C411&ssl=1&resize=700%2C400 2x, https:\/\/i0.wp.com\/chiomedoro.com\/wp-content\/uploads\/2017\/10\/TheatreDuMonde.jpg?fit=1200%2C411&ssl=1&resize=1050%2C600 3x"},"classes":[]}],"_links":{"self":[{"href":"https:\/\/chiomedoro.com\/index.php\/wp-json\/wp\/v2\/pages\/1297","targetHints":{"allow":["GET"]}}],"collection":[{"href":"https:\/\/chiomedoro.com\/index.php\/wp-json\/wp\/v2\/pages"}],"about":[{"href":"https:\/\/chiomedoro.com\/index.php\/wp-json\/wp\/v2\/types\/page"}],"author":[{"embeddable":true,"href":"https:\/\/chiomedoro.com\/index.php\/wp-json\/wp\/v2\/users\/1"}],"replies":[{"embeddable":true,"href":"https:\/\/chiomedoro.com\/index.php\/wp-json\/wp\/v2\/comments?post=1297"}],"version-history":[{"count":25,"href":"https:\/\/chiomedoro.com\/index.php\/wp-json\/wp\/v2\/pages\/1297\/revisions"}],"predecessor-version":[{"id":1495,"href":"https:\/\/chiomedoro.com\/index.php\/wp-json\/wp\/v2\/pages\/1297\/revisions\/1495"}],"wp:attachment":[{"href":"https:\/\/chiomedoro.com\/index.php\/wp-json\/wp\/v2\/media?parent=1297"}],"curies":[{"name":"wp","href":"https:\/\/api.w.org\/{rel}","templated":true}]}}